{"id":1966,"date":"2022-09-16T06:36:56","date_gmt":"2022-09-16T06:36:56","guid":{"rendered":"https:\/\/monteodina.com\/monte-odina\/"},"modified":"2023-01-26T11:49:59","modified_gmt":"2023-01-26T11:49:59","slug":"monte-odina","status":"publish","type":"page","link":"https:\/\/monteodina.com\/de\/","title":{"rendered":"Monte Odina"},"content":{"rendered":"\t\t<div data-elementor-type=\"wp-page\" data-elementor-id=\"1966\" class=\"elementor elementor-1966 elementor-27\" data-elementor-post-type=\"page\">\n\t\t\t\t\t\t<section class=\"elementor-section elementor-top-section elementor-element elementor-element-3a169baa elementor-section-height-min-height elementor-section-items-stretch elementor-section-content-middle elementor-section-boxed elementor-section-height-default\" data-id=\"3a169baa\" data-element_type=\"section\" data-settings=\"{&quot;background_background&quot;:&quot;classic&quot;}\">\n\t\t\t\t\t\t\t<div class=\"elementor-background-overlay\"><\/div>\n\t\t\t\t\t\t\t<div class=\"elementor-container elementor-column-gap-no\">\n\t\t\t\t\t<div class=\"elementor-column elementor-col-100 elementor-top-column elementor-element elementor-element-329eecd8\" data-id=\"329eecd8\" data-element_type=\"column\">\n\t\t\t<div class=\"elementor-widget-wrap elementor-element-populated\">\n\t\t\t\t\t\t<div class=\"elementor-element elementor-element-7d9dc5d0 elementor-widget elementor-widget-image\" data-id=\"7d9dc5d0\" data-element_type=\"widget\" data-widget_type=\"image.default\">\n\t\t\t\t<div class=\"elementor-widget-container\">\n\t\t\t<style>\/*! elementor - v3.23.0 - 05-08-2024 *\/\n.elementor-widget-image{text-align:center}.elementor-widget-image a{display:inline-block}.elementor-widget-image a img[src$=\".svg\"]{width:48px}.elementor-widget-image img{vertical-align:middle;display:inline-block}<\/style>\t\t\t\t\t\t\t\t\t\t<img decoding=\"async\" src=\"https:\/\/monteodina.com\/wp-content\/uploads\/2023\/01\/Monte-Odina-logotipo-con-claim-630x500-DE.webp\" title=\"Monte Odina &#8211; logotipo con claim &#8211; 630&#215;500 &#8211; DE\" alt=\"Monte Odina - El tesoro escondido del somontano\" loading=\"lazy\" \/>\t\t\t\t\t\t\t\t\t\t\t\t\t<\/div>\n\t\t\t\t<\/div>\n\t\t\t\t\t<\/div>\n\t\t<\/div>\n\t\t\t\t\t<\/div>\n\t\t<\/section>\n\t\t\t\t<section class=\"elementor-section elementor-top-section elementor-element elementor-element-1a9057e2 elementor-section-boxed elementor-section-height-default elementor-section-height-default\" data-id=\"1a9057e2\" data-element_type=\"section\">\n\t\t\t\t\t\t<div class=\"elementor-container elementor-column-gap-no\">\n\t\t\t\t\t<div class=\"elementor-column elementor-col-100 elementor-top-column elementor-element elementor-element-71cca036\" data-id=\"71cca036\" data-element_type=\"column\">\n\t\t\t<div class=\"elementor-widget-wrap elementor-element-populated\">\n\t\t\t\t\t\t<div class=\"elementor-element elementor-element-18e59c9e elementor-widget elementor-widget-heading\" data-id=\"18e59c9e\" data-element_type=\"widget\" data-widget_type=\"heading.default\">\n\t\t\t\t<div class=\"elementor-widget-container\">\n\t\t\t<style>\/*! elementor - v3.23.0 - 05-08-2024 *\/\n.elementor-heading-title{padding:0;margin:0;line-height:1}.elementor-widget-heading .elementor-heading-title[class*=elementor-size-]>a{color:inherit;font-size:inherit;line-height:inherit}.elementor-widget-heading .elementor-heading-title.elementor-size-small{font-size:15px}.elementor-widget-heading .elementor-heading-title.elementor-size-medium{font-size:19px}.elementor-widget-heading .elementor-heading-title.elementor-size-large{font-size:29px}.elementor-widget-heading .elementor-heading-title.elementor-size-xl{font-size:39px}.elementor-widget-heading .elementor-heading-title.elementor-size-xxl{font-size:59px}<\/style><h2 class=\"elementor-heading-title elementor-size-default\">UNSERE WEINE<\/h2>\t\t<\/div>\n\t\t\t\t<\/div>\n\t\t\t\t<div class=\"elementor-element elementor-element-89b3daa elementor-widget elementor-widget-jet-woo-products\" data-id=\"89b3daa\" data-element_type=\"widget\" data-settings=\"{&quot;columns&quot;:&quot;5&quot;,&quot;slides_to_scroll&quot;:&quot;1&quot;,&quot;space_between_slides&quot;:10}\" data-widget_type=\"jet-woo-products.default\">\n\t\t\t\t<div class=\"elementor-widget-container\">\n\t\t\t<div class=\"elementor-jet-woo-products jet-woo-builder\"><div class=\"jet-woo-carousel swiper-container horizontal\" data-slider_options=\"{&quot;direction&quot;:&quot;horizontal&quot;,&quot;slidesPerGroup&quot;:1,&quot;simulateTouch&quot;:true,&quot;loop&quot;:true,&quot;freeMode&quot;:false,&quot;centeredSlides&quot;:false,&quot;speed&quot;:500,&quot;paginationEnable&quot;:false,&quot;navigationEnable&quot;:true,&quot;autoplay&quot;:{&quot;delay&quot;:5000,&quot;disableOnInteraction&quot;:false}}\" dir=\"ltr\"> <div class=\"jet-woo-products jet-woo-products--preset-1 swiper-wrapper  \" data-mobile-hover=\"\" >\n<div class=\"jet-woo-products__item jet-woo-builder-product swiper-slide\" data-product-id=\"2099\">\n\t<div class=\"jet-woo-products__inner-box\"  >\n\t\t\n<div class=\"jet-woo-product-thumbnail\">\n\t\n\t<a href=\"https:\/\/monteodina.com\/de\/producto\/rosado-2021\/\" ><img fetchpriority=\"high\" decoding=\"async\" width=\"300\" height=\"300\" src=\"https:\/\/monteodina.com\/wp-content\/uploads\/2022\/10\/Monte-Odina-botellas-vinos-rosado-ok-600x600-1-300x300.webp\" class=\"attachment-woocommerce_thumbnail size-woocommerce_thumbnail\" alt=\"\" srcset=\"https:\/\/monteodina.com\/wp-content\/uploads\/2022\/10\/Monte-Odina-botellas-vinos-rosado-ok-600x600-1-300x300.webp 300w, https:\/\/monteodina.com\/wp-content\/uploads\/2022\/10\/Monte-Odina-botellas-vinos-rosado-ok-600x600-1-150x150.webp 150w, https:\/\/monteodina.com\/wp-content\/uploads\/2022\/10\/Monte-Odina-botellas-vinos-rosado-ok-600x600-1-100x100.webp 100w, https:\/\/monteodina.com\/wp-content\/uploads\/2022\/10\/Monte-Odina-botellas-vinos-rosado-ok-600x600-1.webp 600w\" sizes=\"(max-width: 300px) 100vw, 300px\" \/><\/a>\n\t<div class=\"jet-woo-product-img-overlay\"><\/div>\n\n\t\n\t<\/div><h5 class=\"jet-woo-product-title\" ><a href=\"https:\/\/monteodina.com\/de\/producto\/rosado-2021\/\" >Rosado 2021<\/a><\/h5>\n<div class=\"jet-woo-product-price\">\n\t<span class=\"price\"><span class=\"woocommerce-Price-amount amount\"><bdi>50,00&nbsp;<span class=\"woocommerce-Price-currencySymbol\">&euro;<\/span><\/bdi><\/span><\/span>\n<\/div>\n<div class=\"jet-woo-product-excerpt\">\n\tKarton mit 6 Flaschen \u00e0 750 ml<\/div>\n<div class=\"jet-woo-product-button\">\n\t<a href=\"https:\/\/monteodina.com\/de\/producto\/rosado-2021\/\"  data-quantity=\"1\" class=\"button product_type_simple\" data-product_id=\"2099\" data-product_sku=\"mo-rosado\" aria-label=\"Lese mehr \u00fcber &#8222;Rosado 2021&#8220;\" rel=\"nofollow\">Weiterlesen<\/a><\/div>\n<div class=\"jet-woo-products-cqw-wrapper\">\n\t<\/div>\t<\/div>\n\n\t<\/div>\n<div class=\"jet-woo-products__item jet-woo-builder-product swiper-slide\" data-product-id=\"2114\">\n\t<div class=\"jet-woo-products__inner-box\"  >\n\t\t\n<div class=\"jet-woo-product-thumbnail\">\n\t\n\t<a href=\"https:\/\/monteodina.com\/de\/producto\/roble-2020\/\" ><img decoding=\"async\" width=\"300\" height=\"300\" src=\"https:\/\/monteodina.com\/wp-content\/uploads\/2022\/09\/Monte-Odina-botellas-vinos-roble-600x600-1-300x300.webp\" class=\"attachment-woocommerce_thumbnail size-woocommerce_thumbnail\" alt=\"\" srcset=\"https:\/\/monteodina.com\/wp-content\/uploads\/2022\/09\/Monte-Odina-botellas-vinos-roble-600x600-1-300x300.webp 300w, https:\/\/monteodina.com\/wp-content\/uploads\/2022\/09\/Monte-Odina-botellas-vinos-roble-600x600-1-100x100.webp 100w, https:\/\/monteodina.com\/wp-content\/uploads\/2022\/09\/Monte-Odina-botellas-vinos-roble-600x600-1-150x150.webp 150w, https:\/\/monteodina.com\/wp-content\/uploads\/2022\/09\/Monte-Odina-botellas-vinos-roble-600x600-1.webp 600w\" sizes=\"(max-width: 300px) 100vw, 300px\" \/><\/a>\n\t<div class=\"jet-woo-product-img-overlay\"><\/div>\n\n\t\n\t<\/div><h5 class=\"jet-woo-product-title\" ><a href=\"https:\/\/monteodina.com\/de\/producto\/roble-2020\/\" >Roble 2020<\/a><\/h5>\n<div class=\"jet-woo-product-price\">\n\t<span class=\"price\"><span class=\"woocommerce-Price-amount amount\"><bdi>55,00&nbsp;<span class=\"woocommerce-Price-currencySymbol\">&euro;<\/span><\/bdi><\/span><\/span>\n<\/div>\n<div class=\"jet-woo-product-excerpt\">\n\tKarton mit 6 Flaschen \u00e0 750 ml<\/div>\n<div class=\"jet-woo-product-button\">\n\t<a href=\"?add-to-cart=2114\"  data-quantity=\"1\" class=\"button product_type_simple add_to_cart_button ajax_add_to_cart\" data-product_id=\"2114\" data-product_sku=\"mo-roble\" aria-label=\"In den Warenkorb legen: \u201eRoble 2020\u201c\" rel=\"nofollow\">In den Warenkorb<\/a><\/div>\n<div class=\"jet-woo-products-cqw-wrapper\">\n\t<\/div>\t<\/div>\n\n\t<\/div>\n<div class=\"jet-woo-products__item jet-woo-builder-product swiper-slide\" data-product-id=\"2105\">\n\t<div class=\"jet-woo-products__inner-box\"  >\n\t\t\n<div class=\"jet-woo-product-thumbnail\">\n\t\n\t<a href=\"https:\/\/monteodina.com\/de\/producto\/crianza-2016\/\" ><img decoding=\"async\" width=\"300\" height=\"300\" src=\"https:\/\/monteodina.com\/wp-content\/uploads\/2022\/10\/Monte-Odina-botellas-vinos-crianza-normal-600x600-1-300x300.webp\" class=\"attachment-woocommerce_thumbnail size-woocommerce_thumbnail\" alt=\"\" srcset=\"https:\/\/monteodina.com\/wp-content\/uploads\/2022\/10\/Monte-Odina-botellas-vinos-crianza-normal-600x600-1-300x300.webp 300w, https:\/\/monteodina.com\/wp-content\/uploads\/2022\/10\/Monte-Odina-botellas-vinos-crianza-normal-600x600-1-100x100.webp 100w, https:\/\/monteodina.com\/wp-content\/uploads\/2022\/10\/Monte-Odina-botellas-vinos-crianza-normal-600x600-1-450x450.webp 450w, https:\/\/monteodina.com\/wp-content\/uploads\/2022\/10\/Monte-Odina-botellas-vinos-crianza-normal-600x600-1-150x150.webp 150w, https:\/\/monteodina.com\/wp-content\/uploads\/2022\/10\/Monte-Odina-botellas-vinos-crianza-normal-600x600-1.webp 600w\" sizes=\"(max-width: 300px) 100vw, 300px\" \/><\/a>\n\t<div class=\"jet-woo-product-img-overlay\"><\/div>\n\n\t\n\t<\/div><h5 class=\"jet-woo-product-title\" ><a href=\"https:\/\/monteodina.com\/de\/producto\/crianza-2016\/\" >\u00d6ko-Zucht 2019<\/a><\/h5>\n<div class=\"jet-woo-product-price\">\n\t<span class=\"price\"><span class=\"woocommerce-Price-amount amount\"><bdi>72,00&nbsp;<span class=\"woocommerce-Price-currencySymbol\">&euro;<\/span><\/bdi><\/span><\/span>\n<\/div>\n<div class=\"jet-woo-product-excerpt\">\n\tKarton mit 6 Flaschen \u00e0 750 ml<\/div>\n<div class=\"jet-woo-product-button\">\n\t<a href=\"?add-to-cart=2105\"  data-quantity=\"1\" class=\"button product_type_simple add_to_cart_button ajax_add_to_cart\" data-product_id=\"2105\" data-product_sku=\"mo-crianza\" aria-label=\"In den Warenkorb legen: \u201e\u00d6ko-Zucht 2019\u201c\" rel=\"nofollow\">In den Warenkorb<\/a><\/div>\n<div class=\"jet-woo-products-cqw-wrapper\">\n\t<\/div>\t<\/div>\n\n\t<\/div>\n<div class=\"jet-woo-products__item jet-woo-builder-product swiper-slide\" data-product-id=\"2123\">\n\t<div class=\"jet-woo-products__inner-box\"  >\n\t\t\n<div class=\"jet-woo-product-thumbnail\">\n\t\n\t<a href=\"https:\/\/monteodina.com\/de\/producto\/victoria-gewurztraminer-2021\/\" ><img loading=\"lazy\" decoding=\"async\" width=\"300\" height=\"300\" src=\"https:\/\/monteodina.com\/wp-content\/uploads\/2025\/02\/VICTORIA-2023-tienda-300x300.webp\" class=\"attachment-woocommerce_thumbnail size-woocommerce_thumbnail\" alt=\"VICTORIA-2023-tienda\" srcset=\"https:\/\/monteodina.com\/wp-content\/uploads\/2025\/02\/VICTORIA-2023-tienda-300x300.webp 300w, https:\/\/monteodina.com\/wp-content\/uploads\/2025\/02\/VICTORIA-2023-tienda-150x150.webp 150w, https:\/\/monteodina.com\/wp-content\/uploads\/2025\/02\/VICTORIA-2023-tienda-100x100.webp 100w, https:\/\/monteodina.com\/wp-content\/uploads\/2025\/02\/VICTORIA-2023-tienda.webp 600w\" sizes=\"(max-width: 300px) 100vw, 300px\" \/><\/a>\n\t<div class=\"jet-woo-product-img-overlay\"><\/div>\n\n\t\n\t<\/div><h5 class=\"jet-woo-product-title\" ><a href=\"https:\/\/monteodina.com\/de\/producto\/victoria-gewurztraminer-2021\/\" >Victoria Gew\u00fcrztraminer 2021<\/a><\/h5>\n<div class=\"jet-woo-product-price\">\n\t<span class=\"price\"><span class=\"woocommerce-Price-amount amount\"><bdi>77,00&nbsp;<span class=\"woocommerce-Price-currencySymbol\">&euro;<\/span><\/bdi><\/span><\/span>\n<\/div>\n<div class=\"jet-woo-product-excerpt\">\n\tKarton mit 6 Flaschen \u00e0 750 ml<\/div>\n<div class=\"jet-woo-product-button\">\n\t<a href=\"?add-to-cart=2123\"  data-quantity=\"1\" class=\"button product_type_simple add_to_cart_button ajax_add_to_cart\" data-product_id=\"2123\" data-product_sku=\"mo-victoria\" aria-label=\"In den Warenkorb legen: \u201eVictoria Gew\u00fcrztraminer 2021\u201c\" rel=\"nofollow\">In den Warenkorb<\/a><\/div>\n<div class=\"jet-woo-products-cqw-wrapper\">\n\t<\/div>\t<\/div>\n\n\t<\/div>\n<div class=\"jet-woo-products__item jet-woo-builder-product swiper-slide\" data-product-id=\"2117\">\n\t<div class=\"jet-woo-products__inner-box\"  >\n\t\t\n<div class=\"jet-woo-product-thumbnail\">\n\t\n\t<a href=\"https:\/\/monteodina.com\/de\/producto\/valentina-eco-2019\/\" ><img loading=\"lazy\" decoding=\"async\" width=\"300\" height=\"300\" src=\"https:\/\/monteodina.com\/wp-content\/uploads\/2022\/09\/Monte-Odina-botellas-vinos-valentina-600x600-1-300x300.webp\" class=\"attachment-woocommerce_thumbnail size-woocommerce_thumbnail\" alt=\"\" srcset=\"https:\/\/monteodina.com\/wp-content\/uploads\/2022\/09\/Monte-Odina-botellas-vinos-valentina-600x600-1-300x300.webp 300w, https:\/\/monteodina.com\/wp-content\/uploads\/2022\/09\/Monte-Odina-botellas-vinos-valentina-600x600-1-100x100.webp 100w, https:\/\/monteodina.com\/wp-content\/uploads\/2022\/09\/Monte-Odina-botellas-vinos-valentina-600x600-1-150x150.webp 150w, https:\/\/monteodina.com\/wp-content\/uploads\/2022\/09\/Monte-Odina-botellas-vinos-valentina-600x600-1.webp 600w\" sizes=\"(max-width: 300px) 100vw, 300px\" \/><\/a>\n\t<div class=\"jet-woo-product-img-overlay\"><\/div>\n\n\t\n\t<\/div><h5 class=\"jet-woo-product-title\" ><a href=\"https:\/\/monteodina.com\/de\/producto\/valentina-eco-2019\/\" >Valentina ECO 2019<\/a><\/h5>\n<div class=\"jet-woo-product-price\">\n\t<span class=\"price\"><span class=\"woocommerce-Price-amount amount\"><bdi>77,00&nbsp;<span class=\"woocommerce-Price-currencySymbol\">&euro;<\/span><\/bdi><\/span><\/span>\n<\/div>\n<div class=\"jet-woo-product-excerpt\">\n\tKarton mit 6 Flaschen \u00e0 750 ml<\/div>\n<div class=\"jet-woo-product-button\">\n\t<a href=\"?add-to-cart=2117\"  data-quantity=\"1\" class=\"button product_type_simple add_to_cart_button ajax_add_to_cart\" data-product_id=\"2117\" data-product_sku=\"mo-valentina\" aria-label=\"In den Warenkorb legen: \u201eValentina ECO 2019\u201c\" rel=\"nofollow\">In den Warenkorb<\/a><\/div>\n<div class=\"jet-woo-products-cqw-wrapper\">\n\t<\/div>\t<\/div>\n\n\t<\/div>\n<div class=\"jet-woo-products__item jet-woo-builder-product swiper-slide\" data-product-id=\"2102\">\n\t<div class=\"jet-woo-products__inner-box\"  >\n\t\t\n<div class=\"jet-woo-product-thumbnail\">\n\t\n\t<a href=\"https:\/\/monteodina.com\/de\/producto\/albatros-eco-2019\/\" ><img loading=\"lazy\" decoding=\"async\" width=\"300\" height=\"300\" src=\"https:\/\/monteodina.com\/wp-content\/uploads\/2022\/09\/Monte-Odina-botellas-vinos-albatros-600x600-1-300x300.webp\" class=\"attachment-woocommerce_thumbnail size-woocommerce_thumbnail\" alt=\"\" srcset=\"https:\/\/monteodina.com\/wp-content\/uploads\/2022\/09\/Monte-Odina-botellas-vinos-albatros-600x600-1-300x300.webp 300w, https:\/\/monteodina.com\/wp-content\/uploads\/2022\/09\/Monte-Odina-botellas-vinos-albatros-600x600-1-100x100.webp 100w, https:\/\/monteodina.com\/wp-content\/uploads\/2022\/09\/Monte-Odina-botellas-vinos-albatros-600x600-1-150x150.webp 150w, https:\/\/monteodina.com\/wp-content\/uploads\/2022\/09\/Monte-Odina-botellas-vinos-albatros-600x600-1.webp 600w\" sizes=\"(max-width: 300px) 100vw, 300px\" \/><\/a>\n\t<div class=\"jet-woo-product-img-overlay\"><\/div>\n\n\t\n\t<\/div><h5 class=\"jet-woo-product-title\" ><a href=\"https:\/\/monteodina.com\/de\/producto\/albatros-eco-2019\/\" >Albatros ECO 2019<\/a><\/h5>\n<div class=\"jet-woo-product-price\">\n\t<span class=\"price\"><span class=\"woocommerce-Price-amount amount\"><bdi>83,00&nbsp;<span class=\"woocommerce-Price-currencySymbol\">&euro;<\/span><\/bdi><\/span><\/span>\n<\/div>\n<div class=\"jet-woo-product-excerpt\">\n\tKarton mit 6 Flaschen \u00e0 750 ml<\/div>\n<div class=\"jet-woo-product-button\">\n\t<a href=\"?add-to-cart=2102\"  data-quantity=\"1\" class=\"button product_type_simple add_to_cart_button ajax_add_to_cart\" data-product_id=\"2102\" data-product_sku=\"mo-albatros\" aria-label=\"In den Warenkorb legen: \u201eAlbatros ECO 2019\u201c\" rel=\"nofollow\">In den Warenkorb<\/a><\/div>\n<div class=\"jet-woo-products-cqw-wrapper\">\n\t<\/div>\t<\/div>\n\n\t<\/div>\n<div class=\"jet-woo-products__item jet-woo-builder-product swiper-slide\" data-product-id=\"2108\">\n\t<div class=\"jet-woo-products__inner-box\"  >\n\t\t\n<div class=\"jet-woo-product-thumbnail\">\n\t\n\t<a href=\"https:\/\/monteodina.com\/de\/producto\/garnacha-seleccion-eco-2019\/\" ><img loading=\"lazy\" decoding=\"async\" width=\"300\" height=\"300\" src=\"https:\/\/monteodina.com\/wp-content\/uploads\/2025\/02\/GARNACHA-2021-ECO-300x300.webp\" class=\"attachment-woocommerce_thumbnail size-woocommerce_thumbnail\" alt=\"\" srcset=\"https:\/\/monteodina.com\/wp-content\/uploads\/2025\/02\/GARNACHA-2021-ECO-300x300.webp 300w, https:\/\/monteodina.com\/wp-content\/uploads\/2025\/02\/GARNACHA-2021-ECO-150x150.webp 150w, https:\/\/monteodina.com\/wp-content\/uploads\/2025\/02\/GARNACHA-2021-ECO-100x100.webp 100w, https:\/\/monteodina.com\/wp-content\/uploads\/2025\/02\/GARNACHA-2021-ECO.webp 600w\" sizes=\"(max-width: 300px) 100vw, 300px\" \/><\/a>\n\t<div class=\"jet-woo-product-img-overlay\"><\/div>\n\n\t\n\t<\/div><h5 class=\"jet-woo-product-title\" ><a href=\"https:\/\/monteodina.com\/de\/producto\/garnacha-seleccion-eco-2019\/\" >Garnacha Selecci\u00f3n ECO 2019<\/a><\/h5>\n<div class=\"jet-woo-product-price\">\n\t<span class=\"price\"><span class=\"woocommerce-Price-amount amount\"><bdi>108,00&nbsp;<span class=\"woocommerce-Price-currencySymbol\">&euro;<\/span><\/bdi><\/span><\/span>\n<\/div>\n<div class=\"jet-woo-product-excerpt\">\n\tKarton mit 6 Flaschen \u00e0 750 ml<\/div>\n<div class=\"jet-woo-product-button\">\n\t<a href=\"?add-to-cart=2108\"  data-quantity=\"1\" class=\"button product_type_simple add_to_cart_button ajax_add_to_cart\" data-product_id=\"2108\" data-product_sku=\"mo-garnacha-seleccion\" aria-label=\"In den Warenkorb legen: \u201eGarnacha Selecci\u00f3n ECO 2019\u201c\" rel=\"nofollow\">In den Warenkorb<\/a><\/div>\n<div class=\"jet-woo-products-cqw-wrapper\">\n\t<\/div>\t<\/div>\n\n\t<\/div>\n<div class=\"jet-woo-products__item jet-woo-builder-product swiper-slide\" data-product-id=\"2111\">\n\t<div class=\"jet-woo-products__inner-box\"  >\n\t\t\n<div class=\"jet-woo-product-thumbnail\">\n\t\n\t<a href=\"https:\/\/monteodina.com\/de\/producto\/halley-2017\/\" ><img loading=\"lazy\" decoding=\"async\" width=\"300\" height=\"300\" src=\"https:\/\/monteodina.com\/wp-content\/uploads\/2025\/02\/Halley-ECO-300x300.webp\" class=\"attachment-woocommerce_thumbnail size-woocommerce_thumbnail\" alt=\"Monte Odina - Halley ECO\" srcset=\"https:\/\/monteodina.com\/wp-content\/uploads\/2025\/02\/Halley-ECO-300x300.webp 300w, https:\/\/monteodina.com\/wp-content\/uploads\/2025\/02\/Halley-ECO-150x150.webp 150w, https:\/\/monteodina.com\/wp-content\/uploads\/2025\/02\/Halley-ECO-100x100.webp 100w, https:\/\/monteodina.com\/wp-content\/uploads\/2025\/02\/Halley-ECO.webp 600w\" sizes=\"(max-width: 300px) 100vw, 300px\" \/><\/a>\n\t<div class=\"jet-woo-product-img-overlay\"><\/div>\n\n\t\n\t<\/div><h5 class=\"jet-woo-product-title\" ><a href=\"https:\/\/monteodina.com\/de\/producto\/halley-2017\/\" >Halley 2017<\/a><\/h5>\n<div class=\"jet-woo-product-price\">\n\t<span class=\"price\"><span class=\"woocommerce-Price-amount amount\"><bdi>132,00&nbsp;<span class=\"woocommerce-Price-currencySymbol\">&euro;<\/span><\/bdi><\/span><\/span>\n<\/div>\n<div class=\"jet-woo-product-excerpt\">\n\tKarton mit 6 Flaschen \u00e0 750 ml<\/div>\n<div class=\"jet-woo-product-button\">\n\t<a href=\"?add-to-cart=2111\"  data-quantity=\"1\" class=\"button product_type_simple add_to_cart_button ajax_add_to_cart\" data-product_id=\"2111\" data-product_sku=\"mo-halley\" aria-label=\"In den Warenkorb legen: \u201eHalley 2017\u201c\" rel=\"nofollow\">In den Warenkorb<\/a><\/div>\n<div class=\"jet-woo-products-cqw-wrapper\">\n\t<\/div>\t<\/div>\n\n\t<\/div>\n<div class=\"jet-woo-products__item jet-woo-builder-product swiper-slide\" data-product-id=\"2120\">\n\t<div class=\"jet-woo-products__inner-box\"  >\n\t\t\n<div class=\"jet-woo-product-thumbnail\">\n\t\n\t<a href=\"https:\/\/monteodina.com\/de\/producto\/prosa-reserva-eco-2018\/\" ><img loading=\"lazy\" decoding=\"async\" width=\"300\" height=\"300\" src=\"https:\/\/monteodina.com\/wp-content\/uploads\/2022\/09\/Monte-Odina-botellas-vinos-prosa-600x600-1-300x300.webp\" class=\"attachment-woocommerce_thumbnail size-woocommerce_thumbnail\" alt=\"\" srcset=\"https:\/\/monteodina.com\/wp-content\/uploads\/2022\/09\/Monte-Odina-botellas-vinos-prosa-600x600-1-300x300.webp 300w, https:\/\/monteodina.com\/wp-content\/uploads\/2022\/09\/Monte-Odina-botellas-vinos-prosa-600x600-1-100x100.webp 100w, https:\/\/monteodina.com\/wp-content\/uploads\/2022\/09\/Monte-Odina-botellas-vinos-prosa-600x600-1-150x150.webp 150w, https:\/\/monteodina.com\/wp-content\/uploads\/2022\/09\/Monte-Odina-botellas-vinos-prosa-600x600-1.webp 600w\" sizes=\"(max-width: 300px) 100vw, 300px\" \/><\/a>\n\t<div class=\"jet-woo-product-img-overlay\"><\/div>\n\n\t\n\t<\/div><h5 class=\"jet-woo-product-title\" ><a href=\"https:\/\/monteodina.com\/de\/producto\/prosa-reserva-eco-2018\/\" >Prosa Reserva ECO 2018<\/a><\/h5>\n<div class=\"jet-woo-product-price\">\n\t<span class=\"price\"><span class=\"woocommerce-Price-amount amount\"><bdi>138,00&nbsp;<span class=\"woocommerce-Price-currencySymbol\">&euro;<\/span><\/bdi><\/span><\/span>\n<\/div>\n<div class=\"jet-woo-product-excerpt\">\n\tKarton mit 6 Flaschen \u00e0 750 ml<\/div>\n<div class=\"jet-woo-product-button\">\n\t<a href=\"?add-to-cart=2120\"  data-quantity=\"1\" class=\"button product_type_simple add_to_cart_button ajax_add_to_cart\" data-product_id=\"2120\" data-product_sku=\"mo-prosa\" aria-label=\"In den Warenkorb legen: \u201eProsa Reserva ECO 2018\u201c\" rel=\"nofollow\">In den Warenkorb<\/a><\/div>\n<div class=\"jet-woo-products-cqw-wrapper\">\n\t<\/div>\t<\/div>\n\n\t<\/div>\n<div class=\"jet-woo-products__item jet-woo-builder-product swiper-slide\" data-product-id=\"2191\">\n\t<div class=\"jet-woo-products__inner-box\"  >\n\t\t\n<div class=\"jet-woo-product-thumbnail\">\n\t\n\t<a href=\"https:\/\/monteodina.com\/de\/producto\/verso-gran-reserva-2015\/\" ><img loading=\"lazy\" decoding=\"async\" width=\"300\" height=\"300\" src=\"https:\/\/monteodina.com\/wp-content\/uploads\/2022\/09\/Monte-Odina-botellas-vinos-verso-600x600-1-300x300.webp\" class=\"attachment-woocommerce_thumbnail size-woocommerce_thumbnail\" alt=\"\" srcset=\"https:\/\/monteodina.com\/wp-content\/uploads\/2022\/09\/Monte-Odina-botellas-vinos-verso-600x600-1-300x300.webp 300w, https:\/\/monteodina.com\/wp-content\/uploads\/2022\/09\/Monte-Odina-botellas-vinos-verso-600x600-1-100x100.webp 100w, https:\/\/monteodina.com\/wp-content\/uploads\/2022\/09\/Monte-Odina-botellas-vinos-verso-600x600-1-150x150.webp 150w, https:\/\/monteodina.com\/wp-content\/uploads\/2022\/09\/Monte-Odina-botellas-vinos-verso-600x600-1.webp 600w\" sizes=\"(max-width: 300px) 100vw, 300px\" \/><\/a>\n\t<div class=\"jet-woo-product-img-overlay\"><\/div>\n\n\t\n\t<\/div><h5 class=\"jet-woo-product-title\" ><a href=\"https:\/\/monteodina.com\/de\/producto\/verso-gran-reserva-2015\/\" >Verso Gran Reserva 2015<\/a><\/h5>\n<div class=\"jet-woo-product-price\">\n\t<span class=\"price\"><span class=\"woocommerce-Price-amount amount\"><bdi>165,00&nbsp;<span class=\"woocommerce-Price-currencySymbol\">&euro;<\/span><\/bdi><\/span><\/span>\n<\/div>\n<div class=\"jet-woo-product-excerpt\">\n\tKarton mit 6 Flaschen \u00e0 750 ml<\/div>\n<div class=\"jet-woo-product-button\">\n\t<a href=\"?add-to-cart=2191\"  data-quantity=\"1\" class=\"button product_type_simple add_to_cart_button ajax_add_to_cart\" data-product_id=\"2191\" data-product_sku=\"mo-verso-gran-reserva\" aria-label=\"In den Warenkorb legen: \u201eVerso Gran Reserva 2015\u201c\" rel=\"nofollow\">In den Warenkorb<\/a><\/div>\n<div class=\"jet-woo-products-cqw-wrapper\">\n\t<\/div>\t<\/div>\n\n\t<\/div><\/div>\n  <div class=\"prev-arrow jet-swiper-button-prev jet-arrow\"><svg aria-hidden=\"true\" class=\"e-font-icon-svg e-fas-angle-left\" viewBox=\"0 0 256 512\" xmlns=\"http:\/\/www.w3.org\/2000\/svg\"><path d=\"M31.7 239l136-136c9.4-9.4 24.6-9.4 33.9 0l22.6 22.6c9.4 9.4 9.4 24.6 0 33.9L127.9 256l96.4 96.4c9.4 9.4 9.4 24.6 0 33.9L201.7 409c-9.4 9.4-24.6 9.4-33.9 0l-136-136c-9.5-9.4-9.5-24.6-.1-34z\"><\/path><\/svg><\/div> <div class=\"next-arrow jet-swiper-button-next jet-arrow\"><svg aria-hidden=\"true\" class=\"e-font-icon-svg e-fas-angle-right\" viewBox=\"0 0 256 512\" xmlns=\"http:\/\/www.w3.org\/2000\/svg\"><path d=\"M224.3 273l-136 136c-9.4 9.4-24.6 9.4-33.9 0l-22.6-22.6c-9.4-9.4-9.4-24.6 0-33.9l96.4-96.4-96.4-96.4c-9.4-9.4-9.4-24.6 0-33.9L54.3 103c9.4-9.4 24.6-9.4 33.9 0l136 136c9.5 9.4 9.5 24.6.1 34z\"><\/path><\/svg><\/div> <\/div><\/div>\t\t<\/div>\n\t\t\t\t<\/div>\n\t\t\t\t<div class=\"elementor-element elementor-element-3613651 elementor-align-center elementor-invisible elementor-widget elementor-widget-button\" data-id=\"3613651\" data-element_type=\"widget\" data-settings=\"{&quot;_animation&quot;:&quot;fadeIn&quot;}\" data-widget_type=\"button.default\">\n\t\t\t\t<div class=\"elementor-widget-container\">\n\t\t\t\t\t<div class=\"elementor-button-wrapper\">\n\t\t\t<a class=\"elementor-button elementor-button-link elementor-size-sm\" href=\"https:\/\/monteodina.com\/nuestros-vinos\/\">\n\t\t\t\t\t\t<span class=\"elementor-button-content-wrapper\">\n\t\t\t\t\t\t\t\t\t<span class=\"elementor-button-text\">Unsere Weine - Shop<\/span>\n\t\t\t\t\t<\/span>\n\t\t\t\t\t<\/a>\n\t\t<\/div>\n\t\t\t\t<\/div>\n\t\t\t\t<\/div>\n\t\t\t\t\t<\/div>\n\t\t<\/div>\n\t\t\t\t\t<\/div>\n\t\t<\/section>\n\t\t\t\t<section class=\"elementor-section elementor-top-section elementor-element elementor-element-0d78857 elementor-section-height-min-height elementor-section-boxed elementor-section-height-default elementor-section-items-middle\" data-id=\"0d78857\" data-element_type=\"section\" data-settings=\"{&quot;background_background&quot;:&quot;classic&quot;}\">\n\t\t\t\t\t\t<div class=\"elementor-container elementor-column-gap-no\">\n\t\t\t\t\t<div class=\"elementor-column elementor-col-100 elementor-top-column elementor-element elementor-element-65cd9e9\" data-id=\"65cd9e9\" data-element_type=\"column\">\n\t\t\t<div class=\"elementor-widget-wrap\">\n\t\t\t\t\t\t\t<\/div>\n\t\t<\/div>\n\t\t\t\t\t<\/div>\n\t\t<\/section>\n\t\t\t\t<section class=\"elementor-section elementor-top-section elementor-element elementor-element-f9e921e elementor-section-boxed elementor-section-height-default elementor-section-height-default\" data-id=\"f9e921e\" data-element_type=\"section\">\n\t\t\t\t\t\t<div class=\"elementor-container elementor-column-gap-no\">\n\t\t\t\t\t<div class=\"elementor-column elementor-col-100 elementor-top-column elementor-element elementor-element-4882ab7\" data-id=\"4882ab7\" data-element_type=\"column\">\n\t\t\t<div class=\"elementor-widget-wrap elementor-element-populated\">\n\t\t\t\t\t\t<div class=\"elementor-element elementor-element-0e79463 elementor-widget elementor-widget-image\" data-id=\"0e79463\" data-element_type=\"widget\" data-widget_type=\"image.default\">\n\t\t\t\t<div class=\"elementor-widget-container\">\n\t\t\t\t\t\t\t\t\t\t\t\t\t<img loading=\"lazy\" decoding=\"async\" width=\"131\" height=\"50\" src=\"https:\/\/monteodina.com\/wp-content\/uploads\/2022\/09\/Monte-Odina-separador-icono-racimo-uvas.webp\" class=\"attachment-large size-large wp-image-1700\" alt=\"\" \/>\t\t\t\t\t\t\t\t\t\t\t\t\t<\/div>\n\t\t\t\t<\/div>\n\t\t\t\t<section class=\"elementor-section elementor-inner-section elementor-element elementor-element-3c12c6d elementor-section-boxed elementor-section-height-default elementor-section-height-default\" data-id=\"3c12c6d\" data-element_type=\"section\">\n\t\t\t\t\t\t<div class=\"elementor-container elementor-column-gap-default\">\n\t\t\t\t\t<div class=\"elementor-column elementor-col-33 elementor-inner-column elementor-element elementor-element-4850bd7\" data-id=\"4850bd7\" data-element_type=\"column\">\n\t\t\t<div class=\"elementor-widget-wrap\">\n\t\t\t\t\t\t\t<\/div>\n\t\t<\/div>\n\t\t\t\t<div class=\"elementor-column elementor-col-33 elementor-inner-column elementor-element elementor-element-4a3c465\" data-id=\"4a3c465\" data-element_type=\"column\">\n\t\t\t<div class=\"elementor-widget-wrap elementor-element-populated\">\n\t\t\t\t\t\t<div class=\"elementor-element elementor-element-2f9f544 elementor-widget elementor-widget-text-editor\" data-id=\"2f9f544\" data-element_type=\"widget\" data-widget_type=\"text-editor.default\">\n\t\t\t\t<div class=\"elementor-widget-container\">\n\t\t\t<style>\/*! elementor - v3.23.0 - 05-08-2024 *\/\n.elementor-widget-text-editor.elementor-drop-cap-view-stacked .elementor-drop-cap{background-color:#69727d;color:#fff}.elementor-widget-text-editor.elementor-drop-cap-view-framed .elementor-drop-cap{color:#69727d;border:3px solid;background-color:transparent}.elementor-widget-text-editor:not(.elementor-drop-cap-view-default) .elementor-drop-cap{margin-top:8px}.elementor-widget-text-editor:not(.elementor-drop-cap-view-default) .elementor-drop-cap-letter{width:1em;height:1em}.elementor-widget-text-editor .elementor-drop-cap{float:left;text-align:center;line-height:1;font-size:50px}.elementor-widget-text-editor .elementor-drop-cap-letter{display:inline-block}<\/style>\t\t\t\t<p>In den Weinen von Monte Odina vereinen sich Wissen und Know-how mit Ideenreichtum und Inspiration. Hier treffen modernste Weinbautechniken auf die Tradition und die Erfahrung von Menschen, die sich seit Jahren dem Weinbau widmen, um Weine voller Geschichten entstehen zu lassen.<\/p>\n\t\t\t\t\t\t<\/div>\n\t\t\t\t<\/div>\n\t\t\t\t<div class=\"elementor-element elementor-element-864cbd7 elementor-widget elementor-widget-text-editor\" data-id=\"864cbd7\" data-element_type=\"widget\" data-widget_type=\"text-editor.default\">\n\t\t\t\t<div class=\"elementor-widget-container\">\n\t\t\t\t\t\t\t<p>Das in Ilche (Huesca) am Fu\u00dfe der Pyren\u00e4en gelegene Weingut Monte Odina ist seit Generationen im Besitz der Familie Romeo. Ein Weingut, in dem sich Geschichte, Literatur und Landwirtschaft vereinen, um hervorragende Weine zu erzeugen, die den h\u00f6chsten Ausdruck der Herkunftsbezeichnung Somontano darstellen.<\/p>\n\t\t\t\t\t\t<\/div>\n\t\t\t\t<\/div>\n\t\t\t\t\t<\/div>\n\t\t<\/div>\n\t\t\t\t<div class=\"elementor-column elementor-col-33 elementor-inner-column elementor-element elementor-element-0c446a3\" data-id=\"0c446a3\" data-element_type=\"column\">\n\t\t\t<div class=\"elementor-widget-wrap\">\n\t\t\t\t\t\t\t<\/div>\n\t\t<\/div>\n\t\t\t\t\t<\/div>\n\t\t<\/section>\n\t\t\t\t\t<\/div>\n\t\t<\/div>\n\t\t\t\t\t<\/div>\n\t\t<\/section>\n\t\t\t\t<section class=\"elementor-section elementor-top-section elementor-element elementor-element-9406a9d elementor-section-boxed elementor-section-height-default elementor-section-height-default\" data-id=\"9406a9d\" data-element_type=\"section\">\n\t\t\t\t\t\t<div class=\"elementor-container elementor-column-gap-default\">\n\t\t\t\t\t<div class=\"elementor-column elementor-col-100 elementor-top-column elementor-element elementor-element-675ad25\" data-id=\"675ad25\" data-element_type=\"column\">\n\t\t\t<div class=\"elementor-widget-wrap elementor-element-populated\">\n\t\t\t\t\t\t<div class=\"elementor-element elementor-element-df8b52f elementor-widget elementor-widget-image\" data-id=\"df8b52f\" data-element_type=\"widget\" data-widget_type=\"image.default\">\n\t\t\t\t<div class=\"elementor-widget-container\">\n\t\t\t\t\t\t\t\t\t\t\t\t\t<img loading=\"lazy\" decoding=\"async\" width=\"400\" height=\"150\" src=\"https:\/\/monteodina.com\/wp-content\/uploads\/2022\/11\/logotipo-denominacion-origen-protegida-somontano.webp\" class=\"attachment-large size-large wp-image-1955\" alt=\"\" srcset=\"https:\/\/monteodina.com\/wp-content\/uploads\/2022\/11\/logotipo-denominacion-origen-protegida-somontano.webp 400w, https:\/\/monteodina.com\/wp-content\/uploads\/2022\/11\/logotipo-denominacion-origen-protegida-somontano-300x113.webp 300w\" sizes=\"(max-width: 400px) 100vw, 400px\" \/>\t\t\t\t\t\t\t\t\t\t\t\t\t<\/div>\n\t\t\t\t<\/div>\n\t\t\t\t\t<\/div>\n\t\t<\/div>\n\t\t\t\t\t<\/div>\n\t\t<\/section>\n\t\t\t\t<section class=\"elementor-section elementor-top-section elementor-element elementor-element-8d73e17 elementor-section-height-min-height elementor-section-boxed elementor-section-height-default elementor-section-items-middle\" data-id=\"8d73e17\" data-element_type=\"section\" data-settings=\"{&quot;background_background&quot;:&quot;classic&quot;}\">\n\t\t\t\t\t\t<div class=\"elementor-container elementor-column-gap-no\">\n\t\t\t\t\t<div class=\"elementor-column elementor-col-100 elementor-top-column elementor-element elementor-element-5913b57\" data-id=\"5913b57\" data-element_type=\"column\">\n\t\t\t<div class=\"elementor-widget-wrap\">\n\t\t\t\t\t\t\t<\/div>\n\t\t<\/div>\n\t\t\t\t\t<\/div>\n\t\t<\/section>\n\t\t\t\t<section class=\"elementor-section elementor-top-section elementor-element elementor-element-031b0f8 elementor-section-boxed elementor-section-height-default elementor-section-height-default\" data-id=\"031b0f8\" data-element_type=\"section\">\n\t\t\t\t\t\t<div class=\"elementor-container elementor-column-gap-no\">\n\t\t\t\t\t<div class=\"elementor-column elementor-col-100 elementor-top-column elementor-element elementor-element-2522306\" data-id=\"2522306\" data-element_type=\"column\">\n\t\t\t<div class=\"elementor-widget-wrap elementor-element-populated\">\n\t\t\t\t\t\t<div class=\"elementor-element elementor-element-6047428 elementor-widget elementor-widget-image\" data-id=\"6047428\" data-element_type=\"widget\" data-widget_type=\"image.default\">\n\t\t\t\t<div class=\"elementor-widget-container\">\n\t\t\t\t\t\t\t\t\t\t\t\t\t<img loading=\"lazy\" decoding=\"async\" width=\"131\" height=\"50\" src=\"https:\/\/monteodina.com\/wp-content\/uploads\/2022\/09\/Monte-Odina-separador-icono-racimo-uvas.webp\" class=\"attachment-large size-large wp-image-1700\" alt=\"\" \/>\t\t\t\t\t\t\t\t\t\t\t\t\t<\/div>\n\t\t\t\t<\/div>\n\t\t\t\t<section class=\"elementor-section elementor-inner-section elementor-element elementor-element-a8de9dd elementor-section-boxed elementor-section-height-default elementor-section-height-default\" data-id=\"a8de9dd\" data-element_type=\"section\">\n\t\t\t\t\t\t<div class=\"elementor-container elementor-column-gap-default\">\n\t\t\t\t\t<div class=\"elementor-column elementor-col-33 elementor-inner-column elementor-element elementor-element-50e6873\" data-id=\"50e6873\" data-element_type=\"column\">\n\t\t\t<div class=\"elementor-widget-wrap\">\n\t\t\t\t\t\t\t<\/div>\n\t\t<\/div>\n\t\t\t\t<div class=\"elementor-column elementor-col-33 elementor-inner-column elementor-element elementor-element-45ed3f7\" data-id=\"45ed3f7\" data-element_type=\"column\">\n\t\t\t<div class=\"elementor-widget-wrap elementor-element-populated\">\n\t\t\t\t\t\t<div class=\"elementor-element elementor-element-bf4c475 elementor-widget elementor-widget-text-editor\" data-id=\"bf4c475\" data-element_type=\"widget\" data-widget_type=\"text-editor.default\">\n\t\t\t\t<div class=\"elementor-widget-container\">\n\t\t\t\t\t\t\t<p>Odina scheint die Frau von Odin, dem Gott der Weisheit, gewesen zu sein. Odins Weisheit ist die <strong><span style=\"font-weight: 600\">Quelle des Wissens<span><\/strong>. Odin bedeutet \u201c<strong><span style=\"font-weight: 600\">Seele, Weisheit, Sensibilit\u00e4t<\/span><\/strong>\u201d.<\/p>\n\t\t\t\t\t\t<\/div>\n\t\t\t\t<\/div>\n\t\t\t\t<div class=\"elementor-element elementor-element-0798322 elementor-widget elementor-widget-text-editor\" data-id=\"0798322\" data-element_type=\"widget\" data-widget_type=\"text-editor.default\">\n\t\t\t\t<div class=\"elementor-widget-container\">\n\t\t\t\t\t\t\t<p>Das Wissen und die Weisheit, die notwendig sind, um Qualit\u00e4tsweine zu erzeugen, die die Nuancen der Fr\u00fcchte hervorheben. Und die Sensibilit\u00e4t und die Seele, um Empfindungen und Geschichten rund um sie zu erzeugen.<\/p>\n\t\t\t\t\t\t<\/div>\n\t\t\t\t<\/div>\n\t\t\t\t<div class=\"elementor-element elementor-element-66c0d0a elementor-widget elementor-widget-spacer\" data-id=\"66c0d0a\" data-element_type=\"widget\" data-widget_type=\"spacer.default\">\n\t\t\t\t<div class=\"elementor-widget-container\">\n\t\t\t<style>\/*! elementor - v3.23.0 - 05-08-2024 *\/\n.elementor-column .elementor-spacer-inner{height:var(--spacer-size)}.e-con{--container-widget-width:100%}.e-con-inner>.elementor-widget-spacer,.e-con>.elementor-widget-spacer{width:var(--container-widget-width,var(--spacer-size));--align-self:var(--container-widget-align-self,initial);--flex-shrink:0}.e-con-inner>.elementor-widget-spacer>.elementor-widget-container,.e-con>.elementor-widget-spacer>.elementor-widget-container{height:100%;width:100%}.e-con-inner>.elementor-widget-spacer>.elementor-widget-container>.elementor-spacer,.e-con>.elementor-widget-spacer>.elementor-widget-container>.elementor-spacer{height:100%}.e-con-inner>.elementor-widget-spacer>.elementor-widget-container>.elementor-spacer>.elementor-spacer-inner,.e-con>.elementor-widget-spacer>.elementor-widget-container>.elementor-spacer>.elementor-spacer-inner{height:var(--container-widget-height,var(--spacer-size))}.e-con-inner>.elementor-widget-spacer.elementor-widget-empty,.e-con>.elementor-widget-spacer.elementor-widget-empty{position:relative;min-height:22px;min-width:22px}.e-con-inner>.elementor-widget-spacer.elementor-widget-empty .elementor-widget-empty-icon,.e-con>.elementor-widget-spacer.elementor-widget-empty .elementor-widget-empty-icon{position:absolute;top:0;bottom:0;left:0;right:0;margin:auto;padding:0;width:22px;height:22px}<\/style>\t\t<div class=\"elementor-spacer\">\n\t\t\t<div class=\"elementor-spacer-inner\"><\/div>\n\t\t<\/div>\n\t\t\t\t<\/div>\n\t\t\t\t<\/div>\n\t\t\t\t<div class=\"elementor-element elementor-element-aa9e46b elementor-widget elementor-widget-text-editor\" data-id=\"aa9e46b\" data-element_type=\"widget\" data-widget_type=\"text-editor.default\">\n\t\t\t\t<div class=\"elementor-widget-container\">\n\t\t\t\t\t\t\t<p>Bodegas Monte Odina vereint Avantgarde und Erfahrung, die zusammen mit der \u00f6nologischen Erfahrung und dem Reichtum der Fr\u00fcchte zu Weinen von gro\u00dfer Qualit\u00e4t f\u00fchren. Ein Beweis daf\u00fcr sind die zahlreichen Auszeichnungen bei internationalen Wettbewerben wie der Berliner Wein Trophy, dem Bacchus International Competition, dem Mundus Vini, der Asia Wine Trophy oder den Garnaches du Monde.<\/p>\n\t\t\t\t\t\t<\/div>\n\t\t\t\t<\/div>\n\t\t\t\t\t<\/div>\n\t\t<\/div>\n\t\t\t\t<div class=\"elementor-column elementor-col-33 elementor-inner-column elementor-element elementor-element-8d1d2ff\" data-id=\"8d1d2ff\" data-element_type=\"column\">\n\t\t\t<div class=\"elementor-widget-wrap\">\n\t\t\t\t\t\t\t<\/div>\n\t\t<\/div>\n\t\t\t\t\t<\/div>\n\t\t<\/section>\n\t\t\t\t<div class=\"elementor-element elementor-element-f1f53c6 elementor-widget elementor-widget-image\" data-id=\"f1f53c6\" data-element_type=\"widget\" data-widget_type=\"image.default\">\n\t\t\t\t<div class=\"elementor-widget-container\">\n\t\t\t\t\t\t\t\t\t\t\t\t\t<img loading=\"lazy\" decoding=\"async\" width=\"689\" height=\"305\" src=\"https:\/\/monteodina.com\/wp-content\/uploads\/2022\/09\/Monte-Odina-medallas.webp\" class=\"attachment-full size-full wp-image-1703\" alt=\"\" srcset=\"https:\/\/monteodina.com\/wp-content\/uploads\/2022\/09\/Monte-Odina-medallas.webp 689w, https:\/\/monteodina.com\/wp-content\/uploads\/2022\/09\/Monte-Odina-medallas-600x266.webp 600w, https:\/\/monteodina.com\/wp-content\/uploads\/2022\/09\/Monte-Odina-medallas-300x133.webp 300w\" sizes=\"(max-width: 689px) 100vw, 689px\" \/>\t\t\t\t\t\t\t\t\t\t\t\t\t<\/div>\n\t\t\t\t<\/div>\n\t\t\t\t<div class=\"elementor-element elementor-element-706b2d3 elementor-align-center elementor-invisible elementor-widget elementor-widget-button\" data-id=\"706b2d3\" data-element_type=\"widget\" data-settings=\"{&quot;_animation&quot;:&quot;fadeIn&quot;}\" data-widget_type=\"button.default\">\n\t\t\t\t<div class=\"elementor-widget-container\">\n\t\t\t\t\t<div class=\"elementor-button-wrapper\">\n\t\t\t<a class=\"elementor-button elementor-button-link elementor-size-sm\" href=\"https:\/\/monteodina.com\/nuestros-vinos\/\">\n\t\t\t\t\t\t<span class=\"elementor-button-content-wrapper\">\n\t\t\t\t\t\t\t\t\t<span class=\"elementor-button-text\">Unsere Weine - Shop<\/span>\n\t\t\t\t\t<\/span>\n\t\t\t\t\t<\/a>\n\t\t<\/div>\n\t\t\t\t<\/div>\n\t\t\t\t<\/div>\n\t\t\t\t\t<\/div>\n\t\t<\/div>\n\t\t\t\t\t<\/div>\n\t\t<\/section>\n\t\t\t\t<section class=\"elementor-section elementor-top-section elementor-element elementor-element-c034bdd elementor-section-height-min-height elementor-section-boxed elementor-section-height-default elementor-section-items-middle\" data-id=\"c034bdd\" data-element_type=\"section\" data-settings=\"{&quot;background_background&quot;:&quot;classic&quot;}\">\n\t\t\t\t\t\t<div class=\"elementor-container elementor-column-gap-no\">\n\t\t\t\t\t<div class=\"elementor-column elementor-col-100 elementor-top-column elementor-element elementor-element-47e3de0\" data-id=\"47e3de0\" data-element_type=\"column\">\n\t\t\t<div class=\"elementor-widget-wrap\">\n\t\t\t\t\t\t\t<\/div>\n\t\t<\/div>\n\t\t\t\t\t<\/div>\n\t\t<\/section>\n\t\t\t\t<\/div>\n\t\t","protected":false},"excerpt":{"rendered":"<p>UNSERE WEINE Rosado 2021 50,00&nbsp;&euro; Karton mit 6 Flaschen \u00e0 750 ml In den Warenkorb Roble 2020 55,00&nbsp;&euro; Karton mit 6 Flaschen \u00e0 750 ml In den Warenkorb \u00d6ko-Zucht 2019 72,00&nbsp;&euro; Karton mit 6 Flaschen \u00e0 750 ml In den Warenkorb Valentina ECO 2019 77,00&nbsp;&euro; Karton mit 6 Flaschen \u00e0 750 ml In den Warenkorb [&hellip;]<\/p>\n","protected":false},"author":1,"featured_media":1664,"parent":0,"menu_order":0,"comment_status":"closed","ping_status":"closed","template":"","meta":{"_themeisle_gutenberg_block_has_review":false,"footnotes":""},"class_list":["post-1966","page","type-page","status-publish","has-post-thumbnail","hentry"],"yoast_head":"<!-- This site is optimized with the Yoast SEO plugin v24.5 - https:\/\/yoast.com\/wordpress\/plugins\/seo\/ -->\n<title>Monte Odina - Der verborgene Schatz von Somontano<\/title>\n<meta name=\"description\" content=\"In den Weinen von Monte Odina vereinen sich Wissen und Know-how mit Ideenreichtum und Inspiration.\" \/>\n<meta name=\"robots\" content=\"index, follow, max-snippet:-1, max-image-preview:large, max-video-preview:-1\" \/>\n<link rel=\"canonical\" href=\"https:\/\/monteodina.com\/de\/\" \/>\n<meta property=\"og:locale\" content=\"de_DE\" \/>\n<meta property=\"og:type\" content=\"article\" \/>\n<meta property=\"og:title\" content=\"Keller Monte Odina\" \/>\n<meta property=\"og:description\" content=\"In den Weinen von Monte Odina vereinen sich Wissen und Know-how mit Ideenreichtum und Inspiration.\" \/>\n<meta property=\"og:url\" content=\"https:\/\/monteodina.com\/de\/\" \/>\n<meta property=\"og:site_name\" content=\"Monte Odina\" \/>\n<meta property=\"article:modified_time\" content=\"2023-01-26T11:49:59+00:00\" \/>\n<meta property=\"og:image\" content=\"https:\/\/monteodina.com\/wp-content\/uploads\/2022\/09\/Monte-Odina-planta-de-vid-01-1024x498.webp\" \/>\n<meta name=\"twitter:card\" content=\"summary_large_image\" \/>\n<meta name=\"twitter:title\" content=\"Keller Monte Odina\" \/>\n<meta name=\"twitter:description\" content=\"In den Weinen von Monte Odina vereinen sich Wissen und Know-how mit Ideenreichtum und Inspiration.\" \/>\n<meta name=\"twitter:image\" content=\"https:\/\/monteodina.com\/wp-content\/uploads\/2022\/09\/Monte-Odina-planta-de-vid-01-1024x498.webp\" \/>\n<meta name=\"twitter:label1\" content=\"Gesch\u00e4tzte Lesezeit\" \/>\n\t<meta name=\"twitter:data1\" content=\"8\u00a0Minuten\" \/>\n<script type=\"application\/ld+json\" class=\"yoast-schema-graph\">{\"@context\":\"https:\/\/schema.org\",\"@graph\":[{\"@type\":\"WebPage\",\"@id\":\"https:\/\/monteodina.com\/de\/\",\"url\":\"https:\/\/monteodina.com\/de\/\",\"name\":\"Monte Odina - Der verborgene Schatz von Somontano\",\"isPartOf\":{\"@id\":\"https:\/\/monteodina.com\/de\/#website\"},\"primaryImageOfPage\":{\"@id\":\"https:\/\/monteodina.com\/de\/#primaryimage\"},\"image\":{\"@id\":\"https:\/\/monteodina.com\/de\/#primaryimage\"},\"thumbnailUrl\":\"https:\/\/monteodina.com\/wp-content\/uploads\/2022\/09\/Monte-Odina-planta-de-vid-01.webp\",\"datePublished\":\"2022-09-16T06:36:56+00:00\",\"dateModified\":\"2023-01-26T11:49:59+00:00\",\"description\":\"In den Weinen von Monte Odina vereinen sich Wissen und Know-how mit Ideenreichtum und Inspiration.\",\"breadcrumb\":{\"@id\":\"https:\/\/monteodina.com\/de\/#breadcrumb\"},\"inLanguage\":\"de\",\"potentialAction\":[{\"@type\":\"ReadAction\",\"target\":[\"https:\/\/monteodina.com\/de\/\"]}]},{\"@type\":\"ImageObject\",\"inLanguage\":\"de\",\"@id\":\"https:\/\/monteodina.com\/de\/#primaryimage\",\"url\":\"https:\/\/monteodina.com\/wp-content\/uploads\/2022\/09\/Monte-Odina-planta-de-vid-01.webp\",\"contentUrl\":\"https:\/\/monteodina.com\/wp-content\/uploads\/2022\/09\/Monte-Odina-planta-de-vid-01.webp\",\"width\":1920,\"height\":933,\"caption\":\"Bodegas Monte Odina Somontano\"},{\"@type\":\"BreadcrumbList\",\"@id\":\"https:\/\/monteodina.com\/de\/#breadcrumb\",\"itemListElement\":[{\"@type\":\"ListItem\",\"position\":1,\"name\":\"Portada\",\"item\":\"https:\/\/monteodina.com\/de\/\"},{\"@type\":\"ListItem\",\"position\":2,\"name\":\"Monte Odina\"}]},{\"@type\":\"WebSite\",\"@id\":\"https:\/\/monteodina.com\/de\/#website\",\"url\":\"https:\/\/monteodina.com\/de\/\",\"name\":\"Monte Odina\",\"description\":\"El Tesoro escondido del Somontano\",\"potentialAction\":[{\"@type\":\"SearchAction\",\"target\":{\"@type\":\"EntryPoint\",\"urlTemplate\":\"https:\/\/monteodina.com\/de\/?s={search_term_string}\"},\"query-input\":{\"@type\":\"PropertyValueSpecification\",\"valueRequired\":true,\"valueName\":\"search_term_string\"}}],\"inLanguage\":\"de\"}]}<\/script>\n<!-- \/ Yoast SEO plugin. -->","yoast_head_json":{"title":"Monte Odina - Der verborgene Schatz von Somontano","description":"In den Weinen von Monte Odina vereinen sich Wissen und Know-how mit Ideenreichtum und Inspiration.","robots":{"index":"index","follow":"follow","max-snippet":"max-snippet:-1","max-image-preview":"max-image-preview:large","max-video-preview":"max-video-preview:-1"},"canonical":"https:\/\/monteodina.com\/de\/","og_locale":"de_DE","og_type":"article","og_title":"Keller Monte Odina","og_description":"In den Weinen von Monte Odina vereinen sich Wissen und Know-how mit Ideenreichtum und Inspiration.","og_url":"https:\/\/monteodina.com\/de\/","og_site_name":"Monte Odina","article_modified_time":"2023-01-26T11:49:59+00:00","og_image":[{"url":"https:\/\/monteodina.com\/wp-content\/uploads\/2022\/09\/Monte-Odina-planta-de-vid-01-1024x498.webp","type":"","width":"","height":""}],"twitter_card":"summary_large_image","twitter_title":"Keller Monte Odina","twitter_description":"In den Weinen von Monte Odina vereinen sich Wissen und Know-how mit Ideenreichtum und Inspiration.","twitter_image":"https:\/\/monteodina.com\/wp-content\/uploads\/2022\/09\/Monte-Odina-planta-de-vid-01-1024x498.webp","twitter_misc":{"Gesch\u00e4tzte Lesezeit":"8\u00a0Minuten"},"schema":{"@context":"https:\/\/schema.org","@graph":[{"@type":"WebPage","@id":"https:\/\/monteodina.com\/de\/","url":"https:\/\/monteodina.com\/de\/","name":"Monte Odina - Der verborgene Schatz von Somontano","isPartOf":{"@id":"https:\/\/monteodina.com\/de\/#website"},"primaryImageOfPage":{"@id":"https:\/\/monteodina.com\/de\/#primaryimage"},"image":{"@id":"https:\/\/monteodina.com\/de\/#primaryimage"},"thumbnailUrl":"https:\/\/monteodina.com\/wp-content\/uploads\/2022\/09\/Monte-Odina-planta-de-vid-01.webp","datePublished":"2022-09-16T06:36:56+00:00","dateModified":"2023-01-26T11:49:59+00:00","description":"In den Weinen von Monte Odina vereinen sich Wissen und Know-how mit Ideenreichtum und Inspiration.","breadcrumb":{"@id":"https:\/\/monteodina.com\/de\/#breadcrumb"},"inLanguage":"de","potentialAction":[{"@type":"ReadAction","target":["https:\/\/monteodina.com\/de\/"]}]},{"@type":"ImageObject","inLanguage":"de","@id":"https:\/\/monteodina.com\/de\/#primaryimage","url":"https:\/\/monteodina.com\/wp-content\/uploads\/2022\/09\/Monte-Odina-planta-de-vid-01.webp","contentUrl":"https:\/\/monteodina.com\/wp-content\/uploads\/2022\/09\/Monte-Odina-planta-de-vid-01.webp","width":1920,"height":933,"caption":"Bodegas Monte Odina Somontano"},{"@type":"BreadcrumbList","@id":"https:\/\/monteodina.com\/de\/#breadcrumb","itemListElement":[{"@type":"ListItem","position":1,"name":"Portada","item":"https:\/\/monteodina.com\/de\/"},{"@type":"ListItem","position":2,"name":"Monte Odina"}]},{"@type":"WebSite","@id":"https:\/\/monteodina.com\/de\/#website","url":"https:\/\/monteodina.com\/de\/","name":"Monte Odina","description":"El Tesoro escondido del Somontano","potentialAction":[{"@type":"SearchAction","target":{"@type":"EntryPoint","urlTemplate":"https:\/\/monteodina.com\/de\/?s={search_term_string}"},"query-input":{"@type":"PropertyValueSpecification","valueRequired":true,"valueName":"search_term_string"}}],"inLanguage":"de"}]}},"_links":{"self":[{"href":"https:\/\/monteodina.com\/de\/wp-json\/wp\/v2\/pages\/1966"}],"collection":[{"href":"https:\/\/monteodina.com\/de\/wp-json\/wp\/v2\/pages"}],"about":[{"href":"https:\/\/monteodina.com\/de\/wp-json\/wp\/v2\/types\/page"}],"author":[{"embeddable":true,"href":"https:\/\/monteodina.com\/de\/wp-json\/wp\/v2\/users\/1"}],"replies":[{"embeddable":true,"href":"https:\/\/monteodina.com\/de\/wp-json\/wp\/v2\/comments?post=1966"}],"version-history":[{"count":4,"href":"https:\/\/monteodina.com\/de\/wp-json\/wp\/v2\/pages\/1966\/revisions"}],"predecessor-version":[{"id":2146,"href":"https:\/\/monteodina.com\/de\/wp-json\/wp\/v2\/pages\/1966\/revisions\/2146"}],"wp:featuredmedia":[{"embeddable":true,"href":"https:\/\/monteodina.com\/de\/wp-json\/wp\/v2\/media\/1664"}],"wp:attachment":[{"href":"https:\/\/monteodina.com\/de\/wp-json\/wp\/v2\/media?parent=1966"}],"curies":[{"name":"wp","href":"https:\/\/api.w.org\/{rel}","templated":true}]}}