{"id":2123,"date":"2022-09-23T10:19:34","date_gmt":"2022-09-23T10:19:34","guid":{"rendered":"https:\/\/monteodina.com\/producto\/victoria-gewuerztraminer-2021\/"},"modified":"2022-09-23T10:19:34","modified_gmt":"2022-09-23T10:19:34","slug":"victoria-gewurztraminer-2021","status":"publish","type":"product","link":"https:\/\/monteodina.com\/de\/producto\/victoria-gewurztraminer-2021\/","title":{"rendered":"Victoria Gew\u00fcrztraminer 2021"},"content":{"rendered":"<p>Karton mit 6 Flaschen \u00e0 750 ml &#8211; Victoria Gew\u00fcrztraminer Somontano<\/p>\n<p>Rebsortenreiner Wei\u00dfwein, 100% Gew\u00fcrztraminer. Eine gl\u00e4nzende, goldene Kreation. Licht im Glas und Sch\u00f6nheit in jedem Sinne.<\/p>\n<p>Der Victoria ist einer unserer meistgesch\u00e4tzten Weine. Es tr\u00e4gt seinen Namen zu Ehren von Maria Victoria, einer tragenden S\u00e4ule der Familie Romeo, einer Frau, die f\u00fcr gro\u00dfe Werte steht, die sie an die ganze Familie weitergegeben hat.<\/p>\n<p>Verkostungsnotizen<\/p>\n<table style=\"border-style: hidden;\">\n<tbody>\n<tr>\n<td style=\"border-style: hidden;\"><img decoding=\"async\" style=\"filter: invert(71%) sepia(9%) saturate(1353%) hue-rotate(8deg) brightness(96%) contrast(81%);\" src=\"\/wp-content\/uploads\/2022\/09\/nota-de-cata-eye.svg\" alt=\"ojo icono\" width=\"80\"><\/td>\n<td style=\"border-style: hidden;\">Helles Aussehen und blassgelbe Farbe mit Gr\u00fcnt\u00f6nen.<\/td>\n<\/tr>\n<tr>\n<td style=\"border-style: hidden;\"><img decoding=\"async\" style=\"filter: invert(71%) sepia(9%) saturate(1353%) hue-rotate(8deg) brightness(96%) contrast(81%);\" src=\"\/wp-content\/uploads\/2022\/09\/nota-de-cata-wine-tasting.svg\" alt=\"beber icono\" width=\"80\"><\/td>\n<td style=\"border-style: hidden;\">Saubere und intensive Aromen mit Ankl\u00e4ngen an wei\u00dfe Blumen und Bl\u00fcten (Rose).<\/td>\n<\/tr>\n<tr>\n<td style=\"border-style: hidden;\"><img decoding=\"async\" style=\"filter: invert(71%) sepia(9%) saturate(1353%) hue-rotate(8deg) brightness(96%) contrast(81%);\" src=\"\/wp-content\/uploads\/2022\/09\/nota-de-cata-smiling-lips.svg\" alt=\"labios icono\" width=\"80\"><\/td>\n<td style=\"border-style: hidden;\">Am Gaumen hat er eine geschmeidige Textur und schmeckt nach Zitrusfr\u00fcchten; lang anhaltend und elegant.<\/td>\n<\/tr>\n<tr>\n<td style=\"border-style: hidden;\"><img decoding=\"async\" style=\"filter: invert(71%) sepia(9%) saturate(1353%) hue-rotate(8deg) brightness(96%) contrast(81%);\" src=\"\/wp-content\/uploads\/2022\/09\/nota-de-cata-thermometer.svg\" alt=\"termometro icono\" width=\"80\"><\/td>\n<td style=\"border-style: hidden;\">Serviertemperatur 5-7\u00baC.<\/td>\n<\/tr>\n<tr>\n<td style=\"border-style: hidden;\"><img decoding=\"async\" style=\"filter: invert(71%) sepia(9%) saturate(1353%) hue-rotate(8deg) brightness(96%) contrast(81%);\" src=\"\/wp-content\/uploads\/2022\/09\/nota-de-cata-grapes.svg\" alt=\"barrica icono\" width=\"80\"><\/td>\n<td style=\"border-style: hidden;\">Nicht in Eichenf\u00e4ssern gereift.<\/td>\n<\/tr>\n<tr>\n<td style=\"border-style: hidden;\"><img decoding=\"async\" style=\"filter: invert(71%) sepia(9%) saturate(1353%) hue-rotate(8deg) brightness(96%) contrast(81%);\" src=\"\/wp-content\/uploads\/2022\/09\/nota-de-cata-restaurant.svg\" alt=\"plato icono\" width=\"80\"><\/td>\n<td style=\"border-style: hidden;\">Wei\u00dfer Fisch, Meeresfr\u00fcchte, G\u00e4nseleber und Risottos.<\/td>\n<\/tr>\n<\/tbody>\n<\/table>\n","protected":false},"excerpt":{"rendered":"<p>Karton mit 6 Flaschen \u00e0 750 ml<\/p>\n","protected":false},"featured_media":2723,"template":"","meta":{"_themeisle_gutenberg_block_has_review":false},"product_brand":[],"product_cat":[146,96,109],"product_tag":[153,154,155,149,156,152,148,150,147,151],"class_list":{"0":"post-2123","1":"product","2":"type-product","3":"status-publish","4":"has-post-thumbnail","6":"product_cat-gewurztraminer-de","7":"product_cat-jung","8":"product_cat-weis","9":"product_tag-gewurztraminer-de","10":"product_tag-gewurztraminer-somontano-de","11":"product_tag-monte-odina-victoria-de","12":"product_tag-somontano-de","13":"product_tag-victoria-gewurztraminer-de","14":"product_tag-wein-gewurztraminer","15":"product_tag-wein-somontano","16":"product_tag-weis-somontano","17":"product_tag-weiswein","18":"product_tag-weiswein-somontano","19":"pa_color-weis","20":"pa_tiempo-guarda-envejecimiento-jung","22":"first","23":"instock","24":"taxable","25":"shipping-taxable","26":"purchasable","27":"product-type-simple"},"yoast_head":"<!-- This site is optimized with the Yoast SEO plugin v24.5 - https:\/\/yoast.com\/wordpress\/plugins\/seo\/ -->\n<title>Victoria Gew\u00fcrztraminer 2021 Somontano - Monte Odina<\/title>\n<meta name=\"description\" content=\"Descubre nuestro Victoria, blanco monovarietal 100% Gew\u00fcrztraminer de Somontano. Largo en sensaciones, de aromas limpios e intensos.\" \/>\n<meta name=\"robots\" content=\"index, follow, max-snippet:-1, max-image-preview:large, max-video-preview:-1\" \/>\n<link rel=\"canonical\" href=\"https:\/\/monteodina.com\/de\/producto\/victoria-gewurztraminer-2021\/\" \/>\n<meta property=\"og:locale\" content=\"de_DE\" \/>\n<meta property=\"og:type\" content=\"article\" \/>\n<meta property=\"og:title\" content=\"Victoria Gew\u00fcrztraminer 2021 Somontano - Monte Odina\" \/>\n<meta property=\"og:description\" content=\"Descubre nuestro Victoria, blanco monovarietal 100% Gew\u00fcrztraminer de Somontano. Largo en sensaciones, de aromas limpios e intensos.\" \/>\n<meta property=\"og:url\" content=\"https:\/\/monteodina.com\/de\/producto\/victoria-gewurztraminer-2021\/\" \/>\n<meta property=\"og:site_name\" content=\"Monte Odina\" \/>\n<meta property=\"og:image\" content=\"https:\/\/monteodina.com\/wp-content\/uploads\/2022\/09\/Monte-Odina-Victoria-Gewurztraminer.png\" \/>\n\t<meta property=\"og:image:width\" content=\"847\" \/>\n\t<meta property=\"og:image:height\" content=\"847\" \/>\n\t<meta property=\"og:image:type\" content=\"image\/png\" \/>\n<meta name=\"twitter:card\" content=\"summary_large_image\" \/>\n<meta name=\"twitter:label1\" content=\"Gesch\u00e4tzte Lesezeit\" \/>\n\t<meta name=\"twitter:data1\" content=\"1\u00a0Minute\" \/>\n<script type=\"application\/ld+json\" class=\"yoast-schema-graph\">{\"@context\":\"https:\/\/schema.org\",\"@graph\":[{\"@type\":\"WebPage\",\"@id\":\"https:\/\/monteodina.com\/de\/producto\/victoria-gewurztraminer-2021\/\",\"url\":\"https:\/\/monteodina.com\/de\/producto\/victoria-gewurztraminer-2021\/\",\"name\":\"Victoria Gew\u00fcrztraminer 2021 Somontano - Monte Odina\",\"isPartOf\":{\"@id\":\"https:\/\/monteodina.com\/de\/#website\"},\"primaryImageOfPage\":{\"@id\":\"https:\/\/monteodina.com\/de\/producto\/victoria-gewurztraminer-2021\/#primaryimage\"},\"image\":{\"@id\":\"https:\/\/monteodina.com\/de\/producto\/victoria-gewurztraminer-2021\/#primaryimage\"},\"thumbnailUrl\":\"https:\/\/monteodina.com\/wp-content\/uploads\/2025\/02\/VICTORIA-2023-tienda.webp\",\"datePublished\":\"2022-09-23T10:19:34+00:00\",\"description\":\"Descubre nuestro Victoria, blanco monovarietal 100% Gew\u00fcrztraminer de Somontano. Largo en sensaciones, de aromas limpios e intensos.\",\"breadcrumb\":{\"@id\":\"https:\/\/monteodina.com\/de\/producto\/victoria-gewurztraminer-2021\/#breadcrumb\"},\"inLanguage\":\"de\",\"potentialAction\":[{\"@type\":\"ReadAction\",\"target\":[\"https:\/\/monteodina.com\/de\/producto\/victoria-gewurztraminer-2021\/\"]}]},{\"@type\":\"ImageObject\",\"inLanguage\":\"de\",\"@id\":\"https:\/\/monteodina.com\/de\/producto\/victoria-gewurztraminer-2021\/#primaryimage\",\"url\":\"https:\/\/monteodina.com\/wp-content\/uploads\/2025\/02\/VICTORIA-2023-tienda.webp\",\"contentUrl\":\"https:\/\/monteodina.com\/wp-content\/uploads\/2025\/02\/VICTORIA-2023-tienda.webp\",\"width\":600,\"height\":600,\"caption\":\"VICTORIA-2023-tienda\"},{\"@type\":\"BreadcrumbList\",\"@id\":\"https:\/\/monteodina.com\/de\/producto\/victoria-gewurztraminer-2021\/#breadcrumb\",\"itemListElement\":[{\"@type\":\"ListItem\",\"position\":1,\"name\":\"Portada\",\"item\":\"https:\/\/monteodina.com\/de\/\"},{\"@type\":\"ListItem\",\"position\":2,\"name\":\"Tienda\",\"item\":\"https:\/\/monteodina.com\/tienda\/\"},{\"@type\":\"ListItem\",\"position\":3,\"name\":\"Victoria Gew\u00fcrztraminer 2021\"}]},{\"@type\":\"WebSite\",\"@id\":\"https:\/\/monteodina.com\/de\/#website\",\"url\":\"https:\/\/monteodina.com\/de\/\",\"name\":\"Monte Odina\",\"description\":\"El Tesoro escondido del Somontano\",\"potentialAction\":[{\"@type\":\"SearchAction\",\"target\":{\"@type\":\"EntryPoint\",\"urlTemplate\":\"https:\/\/monteodina.com\/de\/?s={search_term_string}\"},\"query-input\":{\"@type\":\"PropertyValueSpecification\",\"valueRequired\":true,\"valueName\":\"search_term_string\"}}],\"inLanguage\":\"de\"}]}<\/script>\n<!-- \/ Yoast SEO plugin. -->","yoast_head_json":{"title":"Victoria Gew\u00fcrztraminer 2021 Somontano - Monte Odina","description":"Descubre nuestro Victoria, blanco monovarietal 100% Gew\u00fcrztraminer de Somontano. Largo en sensaciones, de aromas limpios e intensos.","robots":{"index":"index","follow":"follow","max-snippet":"max-snippet:-1","max-image-preview":"max-image-preview:large","max-video-preview":"max-video-preview:-1"},"canonical":"https:\/\/monteodina.com\/de\/producto\/victoria-gewurztraminer-2021\/","og_locale":"de_DE","og_type":"article","og_title":"Victoria Gew\u00fcrztraminer 2021 Somontano - Monte Odina","og_description":"Descubre nuestro Victoria, blanco monovarietal 100% Gew\u00fcrztraminer de Somontano. Largo en sensaciones, de aromas limpios e intensos.","og_url":"https:\/\/monteodina.com\/de\/producto\/victoria-gewurztraminer-2021\/","og_site_name":"Monte Odina","og_image":[{"width":847,"height":847,"url":"https:\/\/monteodina.com\/wp-content\/uploads\/2022\/09\/Monte-Odina-Victoria-Gewurztraminer.png","type":"image\/png"}],"twitter_card":"summary_large_image","twitter_misc":{"Gesch\u00e4tzte Lesezeit":"1\u00a0Minute"},"schema":{"@context":"https:\/\/schema.org","@graph":[{"@type":"WebPage","@id":"https:\/\/monteodina.com\/de\/producto\/victoria-gewurztraminer-2021\/","url":"https:\/\/monteodina.com\/de\/producto\/victoria-gewurztraminer-2021\/","name":"Victoria Gew\u00fcrztraminer 2021 Somontano - Monte Odina","isPartOf":{"@id":"https:\/\/monteodina.com\/de\/#website"},"primaryImageOfPage":{"@id":"https:\/\/monteodina.com\/de\/producto\/victoria-gewurztraminer-2021\/#primaryimage"},"image":{"@id":"https:\/\/monteodina.com\/de\/producto\/victoria-gewurztraminer-2021\/#primaryimage"},"thumbnailUrl":"https:\/\/monteodina.com\/wp-content\/uploads\/2025\/02\/VICTORIA-2023-tienda.webp","datePublished":"2022-09-23T10:19:34+00:00","description":"Descubre nuestro Victoria, blanco monovarietal 100% Gew\u00fcrztraminer de Somontano. Largo en sensaciones, de aromas limpios e intensos.","breadcrumb":{"@id":"https:\/\/monteodina.com\/de\/producto\/victoria-gewurztraminer-2021\/#breadcrumb"},"inLanguage":"de","potentialAction":[{"@type":"ReadAction","target":["https:\/\/monteodina.com\/de\/producto\/victoria-gewurztraminer-2021\/"]}]},{"@type":"ImageObject","inLanguage":"de","@id":"https:\/\/monteodina.com\/de\/producto\/victoria-gewurztraminer-2021\/#primaryimage","url":"https:\/\/monteodina.com\/wp-content\/uploads\/2025\/02\/VICTORIA-2023-tienda.webp","contentUrl":"https:\/\/monteodina.com\/wp-content\/uploads\/2025\/02\/VICTORIA-2023-tienda.webp","width":600,"height":600,"caption":"VICTORIA-2023-tienda"},{"@type":"BreadcrumbList","@id":"https:\/\/monteodina.com\/de\/producto\/victoria-gewurztraminer-2021\/#breadcrumb","itemListElement":[{"@type":"ListItem","position":1,"name":"Portada","item":"https:\/\/monteodina.com\/de\/"},{"@type":"ListItem","position":2,"name":"Tienda","item":"https:\/\/monteodina.com\/tienda\/"},{"@type":"ListItem","position":3,"name":"Victoria Gew\u00fcrztraminer 2021"}]},{"@type":"WebSite","@id":"https:\/\/monteodina.com\/de\/#website","url":"https:\/\/monteodina.com\/de\/","name":"Monte Odina","description":"El Tesoro escondido del Somontano","potentialAction":[{"@type":"SearchAction","target":{"@type":"EntryPoint","urlTemplate":"https:\/\/monteodina.com\/de\/?s={search_term_string}"},"query-input":{"@type":"PropertyValueSpecification","valueRequired":true,"valueName":"search_term_string"}}],"inLanguage":"de"}]}},"_links":{"self":[{"href":"https:\/\/monteodina.com\/de\/wp-json\/wp\/v2\/product\/2123"}],"collection":[{"href":"https:\/\/monteodina.com\/de\/wp-json\/wp\/v2\/product"}],"about":[{"href":"https:\/\/monteodina.com\/de\/wp-json\/wp\/v2\/types\/product"}],"version-history":[{"count":0,"href":"https:\/\/monteodina.com\/de\/wp-json\/wp\/v2\/product\/2123\/revisions"}],"wp:featuredmedia":[{"embeddable":true,"href":"https:\/\/monteodina.com\/de\/wp-json\/wp\/v2\/media\/2723"}],"wp:attachment":[{"href":"https:\/\/monteodina.com\/de\/wp-json\/wp\/v2\/media?parent=2123"}],"wp:term":[{"taxonomy":"product_brand","embeddable":true,"href":"https:\/\/monteodina.com\/de\/wp-json\/wp\/v2\/product_brand?post=2123"},{"taxonomy":"product_cat","embeddable":true,"href":"https:\/\/monteodina.com\/de\/wp-json\/wp\/v2\/product_cat?post=2123"},{"taxonomy":"product_tag","embeddable":true,"href":"https:\/\/monteodina.com\/de\/wp-json\/wp\/v2\/product_tag?post=2123"}],"curies":[{"name":"wp","href":"https:\/\/api.w.org\/{rel}","templated":true}]}}